{"id":1639,"date":"2024-10-21T18:55:32","date_gmt":"2024-10-21T16:55:32","guid":{"rendered":"https:\/\/kamenicky.art\/?post_type=product&#038;p=1639"},"modified":"2026-01-08T20:05:11","modified_gmt":"2026-01-08T19:05:11","slug":"odraz-slnka-na-jazere-s-leknami","status":"publish","type":"product","link":"https:\/\/kamenicky.art\/zh\/product\/odraz-slnka-na-jazere-s-leknami\/","title":{"rendered":"ODRAZ SLNKA NA JAZERE S LEKNAMI"},"content":{"rendered":"<p>\u5c3d\u7ba1\u5176\u6807\u9898\u5524\u8d77\u4e86\u81ea\u7136\u666f\u8c61\uff0c\u300aSun Reflection in Lily Pond\u300b\u5374\u8d85\u8d8a\u4e86\u73b0\u5b9e\u4e3b\u4e49\u7684\u8be0\u91ca\u3002\u4f5c\u54c1\u53ef\u4ee5\u88ab\u7406\u89e3\u4e3a\u5361\u6885\u5c3c\u8328\u57fa\u5bf9**\u83ab\u5948\u300a\u7761\u83b2\u300b**\u7684\u601d\u8003\u2014\u2014\u4eff\u4f5b\u4ed6\u7684\u753b\u4f5c\u6c89\u6d78\u5728\u83ab\u5948\u7684\u8272\u5f69\u5b87\u5b99\u4e4b\u4e2d\u3002\u5728\u53f3\u4e0a\u89d2\uff0c\u95ea\u73b0\u51fa\u83ab\u5948\u90a3\u5e26\u84dd\u8272\u8c03\u7684\u6c60\u5858\u4e00\u9685\uff0c\u4f46\u5361\u6885\u5c3c\u8328\u57fa\u5c06\u5176\u8f6c\u5316\u4e3a\u4ed6\u81ea\u5df1\u5173\u4e8e\u5149\u4e0e\u8fd0\u52a8\u7684\u610f\u8c61\u3002\n\u7c97\u72b7\u7684\u7b14\u89e6\u4e0e\u5c42\u53e0\u7684\u989c\u6599\u8425\u9020\u51fa\u4e00\u79cd\u53cd\u5c04\u7684\u611f\u89c9\uff0c\u4f7f\u73b0\u5b9e\u4e0e\u7ed8\u753b\u7684\u89c6\u89c9\u878d\u4e3a\u4e00\u4f53\u3002\u52a8\u6001\u7684\u59ff\u6001\u4e0e\u5fae\u5999\u7684\u8272\u8c03\u8fc7\u6e21\u5524\u8d77\u4e86\u5149\u7ebf\u7a7f\u900f\u6c34\u6df1\u7684\u611f\u53d7\u2014\u2014\u65e0\u9700\u4efb\u4f55\u5177\u8c61\u7684\u63cf\u7ed8\u3002\n\u901a\u8fc7\u653e\u5f03\u63cf\u8ff0\u6027\u624b\u6cd5\uff0c\u5361\u6885\u5c3c\u8328\u57fa\u8ba9\u8054\u60f3\u4f18\u5148\u4e8e\u518d\u73b0\u3002\u53cd\u5c04\u8fd9\u4e00\u4e3b\u9898\u56e0\u800c\u6210\u4e3a\u9690\u55bb\u2014\u2014\u5185\u5728\u4e4b\u5149\u7684\u6620\u7167\uff0c\u662f\u63ed\u793a\u4e0e\u9690\u533f\u4e4b\u95f4\u7684\u4e00\u573a\u9759\u9ed8\u5bf9\u8bdd\u3002<\/p>","protected":false},"excerpt":{"rendered":"<p>V\u00a0diele ODRAZ SLNKA NA JAZERE S\u00a0LEKNAMI n\u00e1zov evokuje pr\u00edrodn\u00fa sc\u00e9nu, no Kamenick\u00fd v diele prekra\u010duje hranice realistickej interpret\u00e1cie. Dielo mo\u017eno vn\u00edma\u0165 ako Kamenick\u00e9ho reflexiu na Monetove Lekn\u00e1 \u2013 akoby svoju ma\u013ebu ponoril do ich farebn\u00e9ho sveta. V pravom hornom rohu sa mihne ozvena modrast\u00fdch t\u00f3nov Monetov\u00fdch jazierok, no autor ich premie\u0148a na vlastn\u00fd obraz svetla [&hellip;]<\/p>","protected":false},"featured_media":250,"template":"","meta":{"_acf_changed":false,"_editorskit_title_hidden":false,"_editorskit_reading_time":0,"_editorskit_is_block_options_detached":false,"_editorskit_block_options_position":"{}","_monsterinsights_skip_tracking":false,"_monsterinsights_sitenote_active":false,"_monsterinsights_sitenote_note":"","_monsterinsights_sitenote_category":0},"artwork-dimension":[43],"artwork-style":[8],"artwork-type":[11],"artwork-year":[34],"product_brand":[],"product_cat":[337],"product_tag":[],"class_list":{"0":"post-1639","1":"product","2":"type-product","3":"status-publish","4":"has-post-thumbnail","6":"artwork-dimension-170-x-200-cm","7":"artwork-style-acryl-on-canvas","8":"artwork-type-abstract","9":"artwork-year-34","10":"product_cat-nezaradene","12":"first","13":"instock","14":"shipping-taxable","15":"product-type-simple"},"acf":[],"yoast_head":"<!-- This site is optimized with the Yoast SEO plugin v27.0 - https:\/\/yoast.com\/product\/yoast-seo-wordpress\/ -->\n<title>ODRAZ SLNKA NA JAZERE S LEKNAMI - Laco Kamenick\u00fd<\/title>\n<meta name=\"robots\" content=\"index, follow, max-snippet:-1, max-image-preview:large, max-video-preview:-1\" \/>\n<link rel=\"canonical\" href=\"https:\/\/kamenicky.art\/zh\/product\/odraz-slnka-na-jazere-s-leknami\/\" \/>\n<meta property=\"og:locale\" content=\"zh_CN\" \/>\n<meta property=\"og:type\" content=\"article\" \/>\n<meta property=\"og:title\" content=\"ODRAZ SLNKA NA JAZERE S LEKNAMI - Laco Kamenick\u00fd\" \/>\n<meta property=\"og:description\" content=\"V\u00a0diele ODRAZ SLNKA NA JAZERE S\u00a0LEKNAMI n\u00e1zov evokuje pr\u00edrodn\u00fa sc\u00e9nu, no Kamenick\u00fd v diele prekra\u010duje hranice realistickej interpret\u00e1cie. Dielo mo\u017eno vn\u00edma\u0165 ako Kamenick\u00e9ho reflexiu na Monetove Lekn\u00e1 \u2013 akoby svoju ma\u013ebu ponoril do ich farebn\u00e9ho sveta. V pravom hornom rohu sa mihne ozvena modrast\u00fdch t\u00f3nov Monetov\u00fdch jazierok, no autor ich premie\u0148a na vlastn\u00fd obraz svetla [&hellip;]\" \/>\n<meta property=\"og:url\" content=\"https:\/\/kamenicky.art\/zh\/product\/odraz-slnka-na-jazere-s-leknami\/\" \/>\n<meta property=\"og:site_name\" content=\"Laco Kamenick\u00fd\" \/>\n<meta property=\"article:modified_time\" content=\"2026-01-08T19:05:11+00:00\" \/>\n<meta property=\"og:image\" content=\"https:\/\/kamenicky.art\/wp-content\/uploads\/2025\/02\/Edit-510.jpg\" \/>\n\t<meta property=\"og:image:width\" content=\"2048\" \/>\n\t<meta property=\"og:image:height\" content=\"1743\" \/>\n\t<meta property=\"og:image:type\" content=\"image\/jpeg\" \/>\n<meta name=\"twitter:card\" content=\"summary_large_image\" \/>\n<meta name=\"twitter:label1\" content=\"\u9884\u8ba1\u9605\u8bfb\u65f6\u95f4\" \/>\n\t<meta name=\"twitter:data1\" content=\"1 \u5206\" \/>\n<script type=\"application\/ld+json\" class=\"yoast-schema-graph\">{\"@context\":\"https:\/\/schema.org\",\"@graph\":[{\"@type\":\"WebPage\",\"@id\":\"https:\/\/kamenicky.art\/produkt\/odraz-slnka-na-jazere-s-leknami\/\",\"url\":\"https:\/\/kamenicky.art\/produkt\/odraz-slnka-na-jazere-s-leknami\/\",\"name\":\"ODRAZ SLNKA NA JAZERE S LEKNAMI - Laco Kamenick\u00fd\",\"isPartOf\":{\"@id\":\"https:\/\/kamenicky.art\/#website\"},\"primaryImageOfPage\":{\"@id\":\"https:\/\/kamenicky.art\/produkt\/odraz-slnka-na-jazere-s-leknami\/#primaryimage\"},\"image\":{\"@id\":\"https:\/\/kamenicky.art\/produkt\/odraz-slnka-na-jazere-s-leknami\/#primaryimage\"},\"thumbnailUrl\":\"https:\/\/kamenicky.art\/wp-content\/uploads\/2025\/02\/Edit-510.jpg\",\"datePublished\":\"2024-10-21T16:55:32+00:00\",\"dateModified\":\"2026-01-08T19:05:11+00:00\",\"breadcrumb\":{\"@id\":\"https:\/\/kamenicky.art\/produkt\/odraz-slnka-na-jazere-s-leknami\/#breadcrumb\"},\"inLanguage\":\"zh-Hans\",\"potentialAction\":[{\"@type\":\"ReadAction\",\"target\":[\"https:\/\/kamenicky.art\/produkt\/odraz-slnka-na-jazere-s-leknami\/\"]}]},{\"@type\":\"ImageObject\",\"inLanguage\":\"zh-Hans\",\"@id\":\"https:\/\/kamenicky.art\/produkt\/odraz-slnka-na-jazere-s-leknami\/#primaryimage\",\"url\":\"https:\/\/kamenicky.art\/wp-content\/uploads\/2025\/02\/Edit-510.jpg\",\"contentUrl\":\"https:\/\/kamenicky.art\/wp-content\/uploads\/2025\/02\/Edit-510.jpg\",\"width\":2048,\"height\":1743},{\"@type\":\"BreadcrumbList\",\"@id\":\"https:\/\/kamenicky.art\/produkt\/odraz-slnka-na-jazere-s-leknami\/#breadcrumb\",\"itemListElement\":[{\"@type\":\"ListItem\",\"position\":1,\"name\":\"Home\",\"item\":\"https:\/\/kamenicky.art\/\"},{\"@type\":\"ListItem\",\"position\":2,\"name\":\"Obchod\",\"item\":\"https:\/\/kamenicky.art\/?page_id=567\"},{\"@type\":\"ListItem\",\"position\":3,\"name\":\"ODRAZ SLNKA NA JAZERE S LEKNAMI\"}]},{\"@type\":\"WebSite\",\"@id\":\"https:\/\/kamenicky.art\/#website\",\"url\":\"https:\/\/kamenicky.art\/\",\"name\":\"Laco Kamenick\u00fd\",\"description\":\"\",\"publisher\":{\"@id\":\"https:\/\/kamenicky.art\/#organization\"},\"potentialAction\":[{\"@type\":\"SearchAction\",\"target\":{\"@type\":\"EntryPoint\",\"urlTemplate\":\"https:\/\/kamenicky.art\/?s={search_term_string}\"},\"query-input\":{\"@type\":\"PropertyValueSpecification\",\"valueRequired\":true,\"valueName\":\"search_term_string\"}}],\"inLanguage\":\"zh-Hans\"},{\"@type\":\"Organization\",\"@id\":\"https:\/\/kamenicky.art\/#organization\",\"name\":\"Laco Kamenick\u00fd\",\"url\":\"https:\/\/kamenicky.art\/\",\"logo\":{\"@type\":\"ImageObject\",\"inLanguage\":\"zh-Hans\",\"@id\":\"https:\/\/kamenicky.art\/#\/schema\/logo\/image\/\",\"url\":\"https:\/\/kamenicky.art\/wp-content\/uploads\/2025\/07\/logo_lk.jpg\",\"contentUrl\":\"https:\/\/kamenicky.art\/wp-content\/uploads\/2025\/07\/logo_lk.jpg\",\"width\":900,\"height\":900,\"caption\":\"Laco Kamenick\u00fd\"},\"image\":{\"@id\":\"https:\/\/kamenicky.art\/#\/schema\/logo\/image\/\"}}]}<\/script>\n<!-- \/ Yoast SEO plugin. -->","yoast_head_json":{"title":"ODRAZ SLNKA NA JAZERE S LEKNAMI - Laco Kamenick\u00fd","robots":{"index":"index","follow":"follow","max-snippet":"max-snippet:-1","max-image-preview":"max-image-preview:large","max-video-preview":"max-video-preview:-1"},"canonical":"https:\/\/kamenicky.art\/zh\/product\/odraz-slnka-na-jazere-s-leknami\/","og_locale":"zh_CN","og_type":"article","og_title":"ODRAZ SLNKA NA JAZERE S LEKNAMI - Laco Kamenick\u00fd","og_description":"V\u00a0diele ODRAZ SLNKA NA JAZERE S\u00a0LEKNAMI n\u00e1zov evokuje pr\u00edrodn\u00fa sc\u00e9nu, no Kamenick\u00fd v diele prekra\u010duje hranice realistickej interpret\u00e1cie. Dielo mo\u017eno vn\u00edma\u0165 ako Kamenick\u00e9ho reflexiu na Monetove Lekn\u00e1 \u2013 akoby svoju ma\u013ebu ponoril do ich farebn\u00e9ho sveta. V pravom hornom rohu sa mihne ozvena modrast\u00fdch t\u00f3nov Monetov\u00fdch jazierok, no autor ich premie\u0148a na vlastn\u00fd obraz svetla [&hellip;]","og_url":"https:\/\/kamenicky.art\/zh\/product\/odraz-slnka-na-jazere-s-leknami\/","og_site_name":"Laco Kamenick\u00fd","article_modified_time":"2026-01-08T19:05:11+00:00","og_image":[{"width":2048,"height":1743,"url":"https:\/\/kamenicky.art\/wp-content\/uploads\/2025\/02\/Edit-510.jpg","type":"image\/jpeg"}],"twitter_card":"summary_large_image","twitter_misc":{"\u9884\u8ba1\u9605\u8bfb\u65f6\u95f4":"1 \u5206"},"schema":{"@context":"https:\/\/schema.org","@graph":[{"@type":"WebPage","@id":"https:\/\/kamenicky.art\/produkt\/odraz-slnka-na-jazere-s-leknami\/","url":"https:\/\/kamenicky.art\/produkt\/odraz-slnka-na-jazere-s-leknami\/","name":"ODRAZ SLNKA NA JAZERE S LEKNAMI - Laco Kamenick\u00fd","isPartOf":{"@id":"https:\/\/kamenicky.art\/#website"},"primaryImageOfPage":{"@id":"https:\/\/kamenicky.art\/produkt\/odraz-slnka-na-jazere-s-leknami\/#primaryimage"},"image":{"@id":"https:\/\/kamenicky.art\/produkt\/odraz-slnka-na-jazere-s-leknami\/#primaryimage"},"thumbnailUrl":"https:\/\/kamenicky.art\/wp-content\/uploads\/2025\/02\/Edit-510.jpg","datePublished":"2024-10-21T16:55:32+00:00","dateModified":"2026-01-08T19:05:11+00:00","breadcrumb":{"@id":"https:\/\/kamenicky.art\/produkt\/odraz-slnka-na-jazere-s-leknami\/#breadcrumb"},"inLanguage":"zh-Hans","potentialAction":[{"@type":"ReadAction","target":["https:\/\/kamenicky.art\/produkt\/odraz-slnka-na-jazere-s-leknami\/"]}]},{"@type":"ImageObject","inLanguage":"zh-Hans","@id":"https:\/\/kamenicky.art\/produkt\/odraz-slnka-na-jazere-s-leknami\/#primaryimage","url":"https:\/\/kamenicky.art\/wp-content\/uploads\/2025\/02\/Edit-510.jpg","contentUrl":"https:\/\/kamenicky.art\/wp-content\/uploads\/2025\/02\/Edit-510.jpg","width":2048,"height":1743},{"@type":"BreadcrumbList","@id":"https:\/\/kamenicky.art\/produkt\/odraz-slnka-na-jazere-s-leknami\/#breadcrumb","itemListElement":[{"@type":"ListItem","position":1,"name":"Home","item":"https:\/\/kamenicky.art\/"},{"@type":"ListItem","position":2,"name":"Obchod","item":"https:\/\/kamenicky.art\/?page_id=567"},{"@type":"ListItem","position":3,"name":"ODRAZ SLNKA NA JAZERE S LEKNAMI"}]},{"@type":"WebSite","@id":"https:\/\/kamenicky.art\/#website","url":"https:\/\/kamenicky.art\/","name":"Laco Kamenick\u00fd","description":"","publisher":{"@id":"https:\/\/kamenicky.art\/#organization"},"potentialAction":[{"@type":"SearchAction","target":{"@type":"EntryPoint","urlTemplate":"https:\/\/kamenicky.art\/?s={search_term_string}"},"query-input":{"@type":"PropertyValueSpecification","valueRequired":true,"valueName":"search_term_string"}}],"inLanguage":"zh-Hans"},{"@type":"Organization","@id":"https:\/\/kamenicky.art\/#organization","name":"Laco Kamenick\u00fd","url":"https:\/\/kamenicky.art\/","logo":{"@type":"ImageObject","inLanguage":"zh-Hans","@id":"https:\/\/kamenicky.art\/#\/schema\/logo\/image\/","url":"https:\/\/kamenicky.art\/wp-content\/uploads\/2025\/07\/logo_lk.jpg","contentUrl":"https:\/\/kamenicky.art\/wp-content\/uploads\/2025\/07\/logo_lk.jpg","width":900,"height":900,"caption":"Laco Kamenick\u00fd"},"image":{"@id":"https:\/\/kamenicky.art\/#\/schema\/logo\/image\/"}}]}},"_links":{"self":[{"href":"https:\/\/kamenicky.art\/zh\/wp-json\/wp\/v2\/product\/1639","targetHints":{"allow":["GET"]}}],"collection":[{"href":"https:\/\/kamenicky.art\/zh\/wp-json\/wp\/v2\/product"}],"about":[{"href":"https:\/\/kamenicky.art\/zh\/wp-json\/wp\/v2\/types\/product"}],"wp:featuredmedia":[{"embeddable":true,"href":"https:\/\/kamenicky.art\/zh\/wp-json\/wp\/v2\/media\/250"}],"wp:attachment":[{"href":"https:\/\/kamenicky.art\/zh\/wp-json\/wp\/v2\/media?parent=1639"}],"wp:term":[{"taxonomy":"artwork-dimension","embeddable":true,"href":"https:\/\/kamenicky.art\/zh\/wp-json\/wp\/v2\/artwork-dimension?post=1639"},{"taxonomy":"artwork-style","embeddable":true,"href":"https:\/\/kamenicky.art\/zh\/wp-json\/wp\/v2\/artwork-style?post=1639"},{"taxonomy":"artwork-type","embeddable":true,"href":"https:\/\/kamenicky.art\/zh\/wp-json\/wp\/v2\/artwork-type?post=1639"},{"taxonomy":"artwork-year","embeddable":true,"href":"https:\/\/kamenicky.art\/zh\/wp-json\/wp\/v2\/artwork-year?post=1639"},{"taxonomy":"product_brand","embeddable":true,"href":"https:\/\/kamenicky.art\/zh\/wp-json\/wp\/v2\/product_brand?post=1639"},{"taxonomy":"product_cat","embeddable":true,"href":"https:\/\/kamenicky.art\/zh\/wp-json\/wp\/v2\/product_cat?post=1639"},{"taxonomy":"product_tag","embeddable":true,"href":"https:\/\/kamenicky.art\/zh\/wp-json\/wp\/v2\/product_tag?post=1639"}],"curies":[{"name":"wp","href":"https:\/\/api.w.org\/{rel}","templated":true}]}}