{"id":1553,"date":"2020-03-03T17:54:41","date_gmt":"2020-03-03T16:54:41","guid":{"rendered":"https:\/\/kamenicky.art\/?post_type=product&#038;p=1553"},"modified":"2026-01-08T20:52:36","modified_gmt":"2026-01-08T19:52:36","slug":"svetlo-na-konci-tunela","status":"publish","type":"product","link":"https:\/\/kamenicky.art\/zh\/product\/svetlo-na-konci-tunela\/","title":{"rendered":"\u96a7\u9053\u5c3d\u5934\u7684\u5149"},"content":{"rendered":"<p>\u5728\u300a\u96a7\u9053\u5c3d\u5934\u7684\u5149\u300b\u4e2d\uff0c\u827a\u672f\u5bb6\u8fd0\u7528\u5145\u6ee1\u52a8\u611f\u7684\u6784\u56fe\u548c\u65cb\u8f6c\u7684\u7ebf\u6761\u8fd0\u52a8\uff0c\u5524\u8d77\u4e86\u4e00\u79cd\u4ece\u9ed1\u6697\u8d70\u5411\u5149\u660e\u7684\u5b87\u5b99\u89c6\u89d2\u3002\u901a\u8fc7\u539a\u91cd\u7684\u5806\u7ed8\u8d28\u611f\u548c\u8272\u5f69\u6e10\u53d8\u2014\u2014\u4ece\u51b7\u8c03\u7684\u84dd\u7eff\u8272\u5230\u8000\u773c\u7684\u91d1\u8272\u2014\u2014\u5361\u6885\u5c3c\u8328\u57fa\u521b\u9020\u4e86\u89c6\u89c9\u6df1\u5ea6\u4e0e\u7a7a\u95f4\u8f6c\u5316\u7684\u5e7b\u89c9\u3002\n\u5bcc\u6709\u8868\u73b0\u529b\u7684\u7b14\u89e6\u4e0e\u8282\u594f\u6027\u7684\u7ed3\u6784\u7a81\u51fa\u4e86\u753b\u4f5c\u7684\u52a8\u80fd\u4e0e\u89c6\u89c9\u5f20\u529b\uff0c\u800c\u5149\u4e0e\u5f71\u7684\u5bf9\u6bd4\u5f3a\u5316\u4e86\u5176\u5173\u4e8e\u8f6c\u53d8\u4e0e\u901a\u884c\u7684\u8c61\u5f81\u610f\u4e49\u3002<\/p>","protected":false},"excerpt":{"rendered":"<p>V\u00a0diele SVETLO NA KONCI TUNELA autor pracuje s dynamickou kompoz\u00edciou a v\u00edriv\u00fdm pohybom l\u00edni\u00ed, \u010d\u00edm evokuje prechod z temnoty do svetla v kontexte kozmickej perspekt\u00edvy. Autor vyu\u017e\u00edva past\u00f3znu text\u00faru a chromatick\u00fa grad\u00e1ciu od chladn\u00fdch modrozelen\u00fdch t\u00f3nov k \u017eiarivej zlatej, \u010d\u00edm vytv\u00e1ra optick\u00fa h\u013abku a il\u00faziu priestorov\u00e9ho posunu. Expres\u00edvna ma\u013eba a rytmick\u00e9 \u0161trukt\u00fary zd\u00f4raz\u0148uj\u00fa kinetiku a [&hellip;]<\/p>","protected":false},"featured_media":284,"template":"","meta":{"_acf_changed":false,"_editorskit_title_hidden":false,"_editorskit_reading_time":0,"_editorskit_is_block_options_detached":false,"_editorskit_block_options_position":"{}","_monsterinsights_skip_tracking":false,"_monsterinsights_sitenote_active":false,"_monsterinsights_sitenote_note":"","_monsterinsights_sitenote_category":0},"artwork-dimension":[31],"artwork-style":[8],"artwork-type":[11],"artwork-year":[30],"product_brand":[],"product_cat":[337],"product_tag":[],"class_list":{"0":"post-1553","1":"product","2":"type-product","3":"status-publish","4":"has-post-thumbnail","6":"artwork-dimension-100-x-150-cm","7":"artwork-style-acryl-on-canvas","8":"artwork-type-abstract","9":"artwork-year-30","10":"product_cat-nezaradene","12":"first","13":"instock","14":"shipping-taxable","15":"product-type-simple"},"acf":[],"yoast_head":"<!-- This site is optimized with the Yoast SEO plugin v27.0 - https:\/\/yoast.com\/product\/yoast-seo-wordpress\/ -->\n<title>SVETLO NA KONCI TUNELA - Laco Kamenick\u00fd<\/title>\n<meta name=\"robots\" content=\"index, follow, max-snippet:-1, max-image-preview:large, max-video-preview:-1\" \/>\n<link rel=\"canonical\" href=\"https:\/\/kamenicky.art\/zh\/product\/svetlo-na-konci-tunela\/\" \/>\n<meta property=\"og:locale\" content=\"zh_CN\" \/>\n<meta property=\"og:type\" content=\"article\" \/>\n<meta property=\"og:title\" content=\"SVETLO NA KONCI TUNELA - Laco Kamenick\u00fd\" \/>\n<meta property=\"og:description\" content=\"V\u00a0diele SVETLO NA KONCI TUNELA autor pracuje s dynamickou kompoz\u00edciou a v\u00edriv\u00fdm pohybom l\u00edni\u00ed, \u010d\u00edm evokuje prechod z temnoty do svetla v kontexte kozmickej perspekt\u00edvy. Autor vyu\u017e\u00edva past\u00f3znu text\u00faru a chromatick\u00fa grad\u00e1ciu od chladn\u00fdch modrozelen\u00fdch t\u00f3nov k \u017eiarivej zlatej, \u010d\u00edm vytv\u00e1ra optick\u00fa h\u013abku a il\u00faziu priestorov\u00e9ho posunu. Expres\u00edvna ma\u013eba a rytmick\u00e9 \u0161trukt\u00fary zd\u00f4raz\u0148uj\u00fa kinetiku a [&hellip;]\" \/>\n<meta property=\"og:url\" content=\"https:\/\/kamenicky.art\/zh\/product\/svetlo-na-konci-tunela\/\" \/>\n<meta property=\"og:site_name\" content=\"Laco Kamenick\u00fd\" \/>\n<meta property=\"article:modified_time\" content=\"2026-01-08T19:52:36+00:00\" \/>\n<meta property=\"og:image\" content=\"https:\/\/kamenicky.art\/wp-content\/uploads\/2025\/02\/Edit-544.jpg\" \/>\n\t<meta property=\"og:image:width\" content=\"2048\" \/>\n\t<meta property=\"og:image:height\" content=\"1363\" \/>\n\t<meta property=\"og:image:type\" content=\"image\/jpeg\" \/>\n<meta name=\"twitter:card\" content=\"summary_large_image\" \/>\n<meta name=\"twitter:label1\" content=\"\u9884\u8ba1\u9605\u8bfb\u65f6\u95f4\" \/>\n\t<meta name=\"twitter:data1\" content=\"1 \u5206\" \/>\n<script type=\"application\/ld+json\" class=\"yoast-schema-graph\">{\"@context\":\"https:\/\/schema.org\",\"@graph\":[{\"@type\":\"WebPage\",\"@id\":\"https:\/\/kamenicky.art\/produkt\/svetlo-na-konci-tunela\/\",\"url\":\"https:\/\/kamenicky.art\/produkt\/svetlo-na-konci-tunela\/\",\"name\":\"SVETLO NA KONCI TUNELA - Laco Kamenick\u00fd\",\"isPartOf\":{\"@id\":\"https:\/\/kamenicky.art\/#website\"},\"primaryImageOfPage\":{\"@id\":\"https:\/\/kamenicky.art\/produkt\/svetlo-na-konci-tunela\/#primaryimage\"},\"image\":{\"@id\":\"https:\/\/kamenicky.art\/produkt\/svetlo-na-konci-tunela\/#primaryimage\"},\"thumbnailUrl\":\"https:\/\/kamenicky.art\/wp-content\/uploads\/2025\/02\/Edit-544.jpg\",\"datePublished\":\"2020-03-03T16:54:41+00:00\",\"dateModified\":\"2026-01-08T19:52:36+00:00\",\"breadcrumb\":{\"@id\":\"https:\/\/kamenicky.art\/produkt\/svetlo-na-konci-tunela\/#breadcrumb\"},\"inLanguage\":\"zh-Hans\",\"potentialAction\":[{\"@type\":\"ReadAction\",\"target\":[\"https:\/\/kamenicky.art\/produkt\/svetlo-na-konci-tunela\/\"]}]},{\"@type\":\"ImageObject\",\"inLanguage\":\"zh-Hans\",\"@id\":\"https:\/\/kamenicky.art\/produkt\/svetlo-na-konci-tunela\/#primaryimage\",\"url\":\"https:\/\/kamenicky.art\/wp-content\/uploads\/2025\/02\/Edit-544.jpg\",\"contentUrl\":\"https:\/\/kamenicky.art\/wp-content\/uploads\/2025\/02\/Edit-544.jpg\",\"width\":2048,\"height\":1363},{\"@type\":\"BreadcrumbList\",\"@id\":\"https:\/\/kamenicky.art\/produkt\/svetlo-na-konci-tunela\/#breadcrumb\",\"itemListElement\":[{\"@type\":\"ListItem\",\"position\":1,\"name\":\"Home\",\"item\":\"https:\/\/kamenicky.art\/\"},{\"@type\":\"ListItem\",\"position\":2,\"name\":\"Obchod\",\"item\":\"https:\/\/kamenicky.art\/?page_id=567\"},{\"@type\":\"ListItem\",\"position\":3,\"name\":\"SVETLO NA KONCI TUNELA\"}]},{\"@type\":\"WebSite\",\"@id\":\"https:\/\/kamenicky.art\/#website\",\"url\":\"https:\/\/kamenicky.art\/\",\"name\":\"Laco Kamenick\u00fd\",\"description\":\"\",\"publisher\":{\"@id\":\"https:\/\/kamenicky.art\/#organization\"},\"potentialAction\":[{\"@type\":\"SearchAction\",\"target\":{\"@type\":\"EntryPoint\",\"urlTemplate\":\"https:\/\/kamenicky.art\/?s={search_term_string}\"},\"query-input\":{\"@type\":\"PropertyValueSpecification\",\"valueRequired\":true,\"valueName\":\"search_term_string\"}}],\"inLanguage\":\"zh-Hans\"},{\"@type\":\"Organization\",\"@id\":\"https:\/\/kamenicky.art\/#organization\",\"name\":\"Laco Kamenick\u00fd\",\"url\":\"https:\/\/kamenicky.art\/\",\"logo\":{\"@type\":\"ImageObject\",\"inLanguage\":\"zh-Hans\",\"@id\":\"https:\/\/kamenicky.art\/#\/schema\/logo\/image\/\",\"url\":\"https:\/\/kamenicky.art\/wp-content\/uploads\/2025\/07\/logo_lk.jpg\",\"contentUrl\":\"https:\/\/kamenicky.art\/wp-content\/uploads\/2025\/07\/logo_lk.jpg\",\"width\":900,\"height\":900,\"caption\":\"Laco Kamenick\u00fd\"},\"image\":{\"@id\":\"https:\/\/kamenicky.art\/#\/schema\/logo\/image\/\"}}]}<\/script>\n<!-- \/ Yoast SEO plugin. -->","yoast_head_json":{"title":"SVETLO NA KONCI TUNELA - Laco Kamenick\u00fd","robots":{"index":"index","follow":"follow","max-snippet":"max-snippet:-1","max-image-preview":"max-image-preview:large","max-video-preview":"max-video-preview:-1"},"canonical":"https:\/\/kamenicky.art\/zh\/product\/svetlo-na-konci-tunela\/","og_locale":"zh_CN","og_type":"article","og_title":"SVETLO NA KONCI TUNELA - Laco Kamenick\u00fd","og_description":"V\u00a0diele SVETLO NA KONCI TUNELA autor pracuje s dynamickou kompoz\u00edciou a v\u00edriv\u00fdm pohybom l\u00edni\u00ed, \u010d\u00edm evokuje prechod z temnoty do svetla v kontexte kozmickej perspekt\u00edvy. Autor vyu\u017e\u00edva past\u00f3znu text\u00faru a chromatick\u00fa grad\u00e1ciu od chladn\u00fdch modrozelen\u00fdch t\u00f3nov k \u017eiarivej zlatej, \u010d\u00edm vytv\u00e1ra optick\u00fa h\u013abku a il\u00faziu priestorov\u00e9ho posunu. Expres\u00edvna ma\u013eba a rytmick\u00e9 \u0161trukt\u00fary zd\u00f4raz\u0148uj\u00fa kinetiku a [&hellip;]","og_url":"https:\/\/kamenicky.art\/zh\/product\/svetlo-na-konci-tunela\/","og_site_name":"Laco Kamenick\u00fd","article_modified_time":"2026-01-08T19:52:36+00:00","og_image":[{"width":2048,"height":1363,"url":"https:\/\/kamenicky.art\/wp-content\/uploads\/2025\/02\/Edit-544.jpg","type":"image\/jpeg"}],"twitter_card":"summary_large_image","twitter_misc":{"\u9884\u8ba1\u9605\u8bfb\u65f6\u95f4":"1 \u5206"},"schema":{"@context":"https:\/\/schema.org","@graph":[{"@type":"WebPage","@id":"https:\/\/kamenicky.art\/produkt\/svetlo-na-konci-tunela\/","url":"https:\/\/kamenicky.art\/produkt\/svetlo-na-konci-tunela\/","name":"SVETLO NA KONCI TUNELA - Laco Kamenick\u00fd","isPartOf":{"@id":"https:\/\/kamenicky.art\/#website"},"primaryImageOfPage":{"@id":"https:\/\/kamenicky.art\/produkt\/svetlo-na-konci-tunela\/#primaryimage"},"image":{"@id":"https:\/\/kamenicky.art\/produkt\/svetlo-na-konci-tunela\/#primaryimage"},"thumbnailUrl":"https:\/\/kamenicky.art\/wp-content\/uploads\/2025\/02\/Edit-544.jpg","datePublished":"2020-03-03T16:54:41+00:00","dateModified":"2026-01-08T19:52:36+00:00","breadcrumb":{"@id":"https:\/\/kamenicky.art\/produkt\/svetlo-na-konci-tunela\/#breadcrumb"},"inLanguage":"zh-Hans","potentialAction":[{"@type":"ReadAction","target":["https:\/\/kamenicky.art\/produkt\/svetlo-na-konci-tunela\/"]}]},{"@type":"ImageObject","inLanguage":"zh-Hans","@id":"https:\/\/kamenicky.art\/produkt\/svetlo-na-konci-tunela\/#primaryimage","url":"https:\/\/kamenicky.art\/wp-content\/uploads\/2025\/02\/Edit-544.jpg","contentUrl":"https:\/\/kamenicky.art\/wp-content\/uploads\/2025\/02\/Edit-544.jpg","width":2048,"height":1363},{"@type":"BreadcrumbList","@id":"https:\/\/kamenicky.art\/produkt\/svetlo-na-konci-tunela\/#breadcrumb","itemListElement":[{"@type":"ListItem","position":1,"name":"Home","item":"https:\/\/kamenicky.art\/"},{"@type":"ListItem","position":2,"name":"Obchod","item":"https:\/\/kamenicky.art\/?page_id=567"},{"@type":"ListItem","position":3,"name":"SVETLO NA KONCI TUNELA"}]},{"@type":"WebSite","@id":"https:\/\/kamenicky.art\/#website","url":"https:\/\/kamenicky.art\/","name":"Laco Kamenick\u00fd","description":"","publisher":{"@id":"https:\/\/kamenicky.art\/#organization"},"potentialAction":[{"@type":"SearchAction","target":{"@type":"EntryPoint","urlTemplate":"https:\/\/kamenicky.art\/?s={search_term_string}"},"query-input":{"@type":"PropertyValueSpecification","valueRequired":true,"valueName":"search_term_string"}}],"inLanguage":"zh-Hans"},{"@type":"Organization","@id":"https:\/\/kamenicky.art\/#organization","name":"Laco Kamenick\u00fd","url":"https:\/\/kamenicky.art\/","logo":{"@type":"ImageObject","inLanguage":"zh-Hans","@id":"https:\/\/kamenicky.art\/#\/schema\/logo\/image\/","url":"https:\/\/kamenicky.art\/wp-content\/uploads\/2025\/07\/logo_lk.jpg","contentUrl":"https:\/\/kamenicky.art\/wp-content\/uploads\/2025\/07\/logo_lk.jpg","width":900,"height":900,"caption":"Laco Kamenick\u00fd"},"image":{"@id":"https:\/\/kamenicky.art\/#\/schema\/logo\/image\/"}}]}},"_links":{"self":[{"href":"https:\/\/kamenicky.art\/zh\/wp-json\/wp\/v2\/product\/1553","targetHints":{"allow":["GET"]}}],"collection":[{"href":"https:\/\/kamenicky.art\/zh\/wp-json\/wp\/v2\/product"}],"about":[{"href":"https:\/\/kamenicky.art\/zh\/wp-json\/wp\/v2\/types\/product"}],"wp:featuredmedia":[{"embeddable":true,"href":"https:\/\/kamenicky.art\/zh\/wp-json\/wp\/v2\/media\/284"}],"wp:attachment":[{"href":"https:\/\/kamenicky.art\/zh\/wp-json\/wp\/v2\/media?parent=1553"}],"wp:term":[{"taxonomy":"artwork-dimension","embeddable":true,"href":"https:\/\/kamenicky.art\/zh\/wp-json\/wp\/v2\/artwork-dimension?post=1553"},{"taxonomy":"artwork-style","embeddable":true,"href":"https:\/\/kamenicky.art\/zh\/wp-json\/wp\/v2\/artwork-style?post=1553"},{"taxonomy":"artwork-type","embeddable":true,"href":"https:\/\/kamenicky.art\/zh\/wp-json\/wp\/v2\/artwork-type?post=1553"},{"taxonomy":"artwork-year","embeddable":true,"href":"https:\/\/kamenicky.art\/zh\/wp-json\/wp\/v2\/artwork-year?post=1553"},{"taxonomy":"product_brand","embeddable":true,"href":"https:\/\/kamenicky.art\/zh\/wp-json\/wp\/v2\/product_brand?post=1553"},{"taxonomy":"product_cat","embeddable":true,"href":"https:\/\/kamenicky.art\/zh\/wp-json\/wp\/v2\/product_cat?post=1553"},{"taxonomy":"product_tag","embeddable":true,"href":"https:\/\/kamenicky.art\/zh\/wp-json\/wp\/v2\/product_tag?post=1553"}],"curies":[{"name":"wp","href":"https:\/\/api.w.org\/{rel}","templated":true}]}}