{"id":1751,"date":"2025-10-04T12:52:18","date_gmt":"2025-10-04T10:52:18","guid":{"rendered":"https:\/\/kamenicky.art\/?post_type=product&#038;p=1751"},"modified":"2025-11-26T16:52:28","modified_gmt":"2025-11-26T15:52:28","slug":"tvare-zlato-krv-ohen-a-popol","status":"publish","type":"product","link":"https:\/\/kamenicky.art\/en\/product\/tvare-zlato-krv-ohen-a-popol\/","title":{"rendered":"FACES, GOLD, BLOOD, FIRE AND ASH"},"content":{"rendered":"<p class=\"translation-block\">Faces, Gold, Blood, Fire and Ash is an expressive abstract painting that employs intense color symbolism and layered texture. The composition reveals fragments resembling human faces \u2014 some recognizable, others merely suggested \u2014 as if emerging from a dense weave of color. Dominant shades of red, gold, and black evoke elemental forces: blood as a symbol of life and sacrifice, fire as purification and destruction, ash as the residue of transience.\n\nThe work balances between figuration and abstraction, leaving the viewer oscillating between the concrete and the universal. A network of fine, almost cartographic lines acts as an inner map \u2014 connecting individual stories and collective memory.\n\nKamenick\u00fd explores the tension between beauty and violence, between the nobility of gold and the darkness of burnt matter. The result is a visual space that is both dramatic and contemplative \u2014 an invitation to introspection on human fragility, strength, and the eternal struggle between creative and destructive forces.<\/p>","protected":false},"excerpt":{"rendered":"<p>Dielo TV\u00c1RE, ZLATO, KRV, OHE\u0147 A POPOL je expres\u00edvna abstraktn\u00e1 ma\u013eba, ktor\u00e1 pracuje s intenz\u00edvnou farebnou symbolikou a vrstvenou text\u00farou. V kompoz\u00edcii sa objavuj\u00fa fragmenty pripom\u00ednaj\u00face \u013eudsk\u00e9 tv\u00e1re \u2013 niektor\u00e9 rozpoznate\u013en\u00e9, in\u00e9 iba nazna\u010den\u00e9 \u2013 akoby sa vyn\u00e1rali zo spleti farieb. Dominantn\u00e9 odtiene \u010dervenej, zlatej a \u010diernej evokuj\u00fa element\u00e1rne sily: krv ako znak \u017eivota a [&hellip;]<\/p>","protected":false},"featured_media":1780,"template":"","meta":{"_acf_changed":false,"_editorskit_title_hidden":false,"_editorskit_reading_time":0,"_editorskit_is_block_options_detached":false,"_editorskit_block_options_position":"{}","_monsterinsights_skip_tracking":false,"_monsterinsights_sitenote_active":false,"_monsterinsights_sitenote_note":"","_monsterinsights_sitenote_category":0},"artwork-dimension":[33],"artwork-style":[8],"artwork-type":[11],"artwork-year":[349],"product_brand":[],"product_cat":[337],"product_tag":[],"class_list":{"0":"post-1751","1":"product","2":"type-product","3":"status-publish","4":"has-post-thumbnail","6":"artwork-dimension-140-x-200-cm","7":"artwork-style-acryl-on-canvas","8":"artwork-type-abstract","9":"artwork-year-349","10":"product_cat-nezaradene","12":"first","13":"instock","14":"shipping-taxable","15":"product-type-simple"},"acf":[],"yoast_head":"<!-- This site is optimized with the Yoast SEO plugin v27.0 - https:\/\/yoast.com\/product\/yoast-seo-wordpress\/ -->\n<title>TV\u00c1RE, ZLATO, KRV, OHE\u0147 A POPOL - Laco Kamenick\u00fd<\/title>\n<meta name=\"robots\" content=\"index, follow, max-snippet:-1, max-image-preview:large, max-video-preview:-1\" \/>\n<link rel=\"canonical\" href=\"https:\/\/kamenicky.art\/en\/product\/tvare-zlato-krv-ohen-a-popol\/\" \/>\n<meta property=\"og:locale\" content=\"en_US\" \/>\n<meta property=\"og:type\" content=\"article\" \/>\n<meta property=\"og:title\" content=\"TV\u00c1RE, ZLATO, KRV, OHE\u0147 A POPOL - Laco Kamenick\u00fd\" \/>\n<meta property=\"og:description\" content=\"Dielo TV\u00c1RE, ZLATO, KRV, OHE\u0147 A POPOL je expres\u00edvna abstraktn\u00e1 ma\u013eba, ktor\u00e1 pracuje s intenz\u00edvnou farebnou symbolikou a vrstvenou text\u00farou. V kompoz\u00edcii sa objavuj\u00fa fragmenty pripom\u00ednaj\u00face \u013eudsk\u00e9 tv\u00e1re \u2013 niektor\u00e9 rozpoznate\u013en\u00e9, in\u00e9 iba nazna\u010den\u00e9 \u2013 akoby sa vyn\u00e1rali zo spleti farieb. Dominantn\u00e9 odtiene \u010dervenej, zlatej a \u010diernej evokuj\u00fa element\u00e1rne sily: krv ako znak \u017eivota a [&hellip;]\" \/>\n<meta property=\"og:url\" content=\"https:\/\/kamenicky.art\/en\/product\/tvare-zlato-krv-ohen-a-popol\/\" \/>\n<meta property=\"og:site_name\" content=\"Laco Kamenick\u00fd\" \/>\n<meta property=\"article:modified_time\" content=\"2025-11-26T15:52:28+00:00\" \/>\n<meta property=\"og:image\" content=\"https:\/\/kamenicky.art\/wp-content\/uploads\/2025\/10\/Nr-253-TVARE-ZLATO-KRV-OHEN-A-POPOL-1024x722.jpg\" \/>\n\t<meta property=\"og:image:width\" content=\"1024\" \/>\n\t<meta property=\"og:image:height\" content=\"722\" \/>\n\t<meta property=\"og:image:type\" content=\"image\/jpeg\" \/>\n<meta name=\"twitter:card\" content=\"summary_large_image\" \/>\n<meta name=\"twitter:label1\" content=\"Est. reading time\" \/>\n\t<meta name=\"twitter:data1\" content=\"1 minute\" \/>\n<script type=\"application\/ld+json\" class=\"yoast-schema-graph\">{\"@context\":\"https:\/\/schema.org\",\"@graph\":[{\"@type\":\"WebPage\",\"@id\":\"https:\/\/kamenicky.art\/produkt\/tvare-zlato-krv-ohen-a-popol\/\",\"url\":\"https:\/\/kamenicky.art\/produkt\/tvare-zlato-krv-ohen-a-popol\/\",\"name\":\"TV\u00c1RE, ZLATO, KRV, OHE\u0147 A POPOL - Laco Kamenick\u00fd\",\"isPartOf\":{\"@id\":\"https:\/\/kamenicky.art\/#website\"},\"primaryImageOfPage\":{\"@id\":\"https:\/\/kamenicky.art\/produkt\/tvare-zlato-krv-ohen-a-popol\/#primaryimage\"},\"image\":{\"@id\":\"https:\/\/kamenicky.art\/produkt\/tvare-zlato-krv-ohen-a-popol\/#primaryimage\"},\"thumbnailUrl\":\"https:\/\/kamenicky.art\/wp-content\/uploads\/2025\/10\/Nr-253-TVARE-ZLATO-KRV-OHEN-A-POPOL.jpg\",\"datePublished\":\"2025-10-04T10:52:18+00:00\",\"dateModified\":\"2025-11-26T15:52:28+00:00\",\"breadcrumb\":{\"@id\":\"https:\/\/kamenicky.art\/produkt\/tvare-zlato-krv-ohen-a-popol\/#breadcrumb\"},\"inLanguage\":\"en-US\",\"potentialAction\":[{\"@type\":\"ReadAction\",\"target\":[\"https:\/\/kamenicky.art\/produkt\/tvare-zlato-krv-ohen-a-popol\/\"]}]},{\"@type\":\"ImageObject\",\"inLanguage\":\"en-US\",\"@id\":\"https:\/\/kamenicky.art\/produkt\/tvare-zlato-krv-ohen-a-popol\/#primaryimage\",\"url\":\"https:\/\/kamenicky.art\/wp-content\/uploads\/2025\/10\/Nr-253-TVARE-ZLATO-KRV-OHEN-A-POPOL.jpg\",\"contentUrl\":\"https:\/\/kamenicky.art\/wp-content\/uploads\/2025\/10\/Nr-253-TVARE-ZLATO-KRV-OHEN-A-POPOL.jpg\",\"width\":2048,\"height\":1444},{\"@type\":\"BreadcrumbList\",\"@id\":\"https:\/\/kamenicky.art\/produkt\/tvare-zlato-krv-ohen-a-popol\/#breadcrumb\",\"itemListElement\":[{\"@type\":\"ListItem\",\"position\":1,\"name\":\"Home\",\"item\":\"https:\/\/kamenicky.art\/\"},{\"@type\":\"ListItem\",\"position\":2,\"name\":\"Obchod\",\"item\":\"https:\/\/kamenicky.art\/?page_id=567\"},{\"@type\":\"ListItem\",\"position\":3,\"name\":\"TV\u00c1RE, ZLATO, KRV, OHE\u0147 A POPOL\"}]},{\"@type\":\"WebSite\",\"@id\":\"https:\/\/kamenicky.art\/#website\",\"url\":\"https:\/\/kamenicky.art\/\",\"name\":\"Laco Kamenick\u00fd\",\"description\":\"\",\"publisher\":{\"@id\":\"https:\/\/kamenicky.art\/#organization\"},\"potentialAction\":[{\"@type\":\"SearchAction\",\"target\":{\"@type\":\"EntryPoint\",\"urlTemplate\":\"https:\/\/kamenicky.art\/?s={search_term_string}\"},\"query-input\":{\"@type\":\"PropertyValueSpecification\",\"valueRequired\":true,\"valueName\":\"search_term_string\"}}],\"inLanguage\":\"en-US\"},{\"@type\":\"Organization\",\"@id\":\"https:\/\/kamenicky.art\/#organization\",\"name\":\"Laco Kamenick\u00fd\",\"url\":\"https:\/\/kamenicky.art\/\",\"logo\":{\"@type\":\"ImageObject\",\"inLanguage\":\"en-US\",\"@id\":\"https:\/\/kamenicky.art\/#\/schema\/logo\/image\/\",\"url\":\"https:\/\/kamenicky.art\/wp-content\/uploads\/2025\/07\/logo_lk.jpg\",\"contentUrl\":\"https:\/\/kamenicky.art\/wp-content\/uploads\/2025\/07\/logo_lk.jpg\",\"width\":900,\"height\":900,\"caption\":\"Laco Kamenick\u00fd\"},\"image\":{\"@id\":\"https:\/\/kamenicky.art\/#\/schema\/logo\/image\/\"}}]}<\/script>\n<!-- \/ Yoast SEO plugin. -->","yoast_head_json":{"title":"TV\u00c1RE, ZLATO, KRV, OHE\u0147 A POPOL - Laco Kamenick\u00fd","robots":{"index":"index","follow":"follow","max-snippet":"max-snippet:-1","max-image-preview":"max-image-preview:large","max-video-preview":"max-video-preview:-1"},"canonical":"https:\/\/kamenicky.art\/en\/product\/tvare-zlato-krv-ohen-a-popol\/","og_locale":"en_US","og_type":"article","og_title":"TV\u00c1RE, ZLATO, KRV, OHE\u0147 A POPOL - Laco Kamenick\u00fd","og_description":"Dielo TV\u00c1RE, ZLATO, KRV, OHE\u0147 A POPOL je expres\u00edvna abstraktn\u00e1 ma\u013eba, ktor\u00e1 pracuje s intenz\u00edvnou farebnou symbolikou a vrstvenou text\u00farou. V kompoz\u00edcii sa objavuj\u00fa fragmenty pripom\u00ednaj\u00face \u013eudsk\u00e9 tv\u00e1re \u2013 niektor\u00e9 rozpoznate\u013en\u00e9, in\u00e9 iba nazna\u010den\u00e9 \u2013 akoby sa vyn\u00e1rali zo spleti farieb. Dominantn\u00e9 odtiene \u010dervenej, zlatej a \u010diernej evokuj\u00fa element\u00e1rne sily: krv ako znak \u017eivota a [&hellip;]","og_url":"https:\/\/kamenicky.art\/en\/product\/tvare-zlato-krv-ohen-a-popol\/","og_site_name":"Laco Kamenick\u00fd","article_modified_time":"2025-11-26T15:52:28+00:00","og_image":[{"width":1024,"height":722,"url":"https:\/\/kamenicky.art\/wp-content\/uploads\/2025\/10\/Nr-253-TVARE-ZLATO-KRV-OHEN-A-POPOL-1024x722.jpg","type":"image\/jpeg"}],"twitter_card":"summary_large_image","twitter_misc":{"Est. reading time":"1 minute"},"schema":{"@context":"https:\/\/schema.org","@graph":[{"@type":"WebPage","@id":"https:\/\/kamenicky.art\/produkt\/tvare-zlato-krv-ohen-a-popol\/","url":"https:\/\/kamenicky.art\/produkt\/tvare-zlato-krv-ohen-a-popol\/","name":"TV\u00c1RE, ZLATO, KRV, OHE\u0147 A POPOL - Laco Kamenick\u00fd","isPartOf":{"@id":"https:\/\/kamenicky.art\/#website"},"primaryImageOfPage":{"@id":"https:\/\/kamenicky.art\/produkt\/tvare-zlato-krv-ohen-a-popol\/#primaryimage"},"image":{"@id":"https:\/\/kamenicky.art\/produkt\/tvare-zlato-krv-ohen-a-popol\/#primaryimage"},"thumbnailUrl":"https:\/\/kamenicky.art\/wp-content\/uploads\/2025\/10\/Nr-253-TVARE-ZLATO-KRV-OHEN-A-POPOL.jpg","datePublished":"2025-10-04T10:52:18+00:00","dateModified":"2025-11-26T15:52:28+00:00","breadcrumb":{"@id":"https:\/\/kamenicky.art\/produkt\/tvare-zlato-krv-ohen-a-popol\/#breadcrumb"},"inLanguage":"en-US","potentialAction":[{"@type":"ReadAction","target":["https:\/\/kamenicky.art\/produkt\/tvare-zlato-krv-ohen-a-popol\/"]}]},{"@type":"ImageObject","inLanguage":"en-US","@id":"https:\/\/kamenicky.art\/produkt\/tvare-zlato-krv-ohen-a-popol\/#primaryimage","url":"https:\/\/kamenicky.art\/wp-content\/uploads\/2025\/10\/Nr-253-TVARE-ZLATO-KRV-OHEN-A-POPOL.jpg","contentUrl":"https:\/\/kamenicky.art\/wp-content\/uploads\/2025\/10\/Nr-253-TVARE-ZLATO-KRV-OHEN-A-POPOL.jpg","width":2048,"height":1444},{"@type":"BreadcrumbList","@id":"https:\/\/kamenicky.art\/produkt\/tvare-zlato-krv-ohen-a-popol\/#breadcrumb","itemListElement":[{"@type":"ListItem","position":1,"name":"Home","item":"https:\/\/kamenicky.art\/"},{"@type":"ListItem","position":2,"name":"Obchod","item":"https:\/\/kamenicky.art\/?page_id=567"},{"@type":"ListItem","position":3,"name":"TV\u00c1RE, ZLATO, KRV, OHE\u0147 A POPOL"}]},{"@type":"WebSite","@id":"https:\/\/kamenicky.art\/#website","url":"https:\/\/kamenicky.art\/","name":"Laco Kamenick\u00fd","description":"","publisher":{"@id":"https:\/\/kamenicky.art\/#organization"},"potentialAction":[{"@type":"SearchAction","target":{"@type":"EntryPoint","urlTemplate":"https:\/\/kamenicky.art\/?s={search_term_string}"},"query-input":{"@type":"PropertyValueSpecification","valueRequired":true,"valueName":"search_term_string"}}],"inLanguage":"en-US"},{"@type":"Organization","@id":"https:\/\/kamenicky.art\/#organization","name":"Laco Kamenick\u00fd","url":"https:\/\/kamenicky.art\/","logo":{"@type":"ImageObject","inLanguage":"en-US","@id":"https:\/\/kamenicky.art\/#\/schema\/logo\/image\/","url":"https:\/\/kamenicky.art\/wp-content\/uploads\/2025\/07\/logo_lk.jpg","contentUrl":"https:\/\/kamenicky.art\/wp-content\/uploads\/2025\/07\/logo_lk.jpg","width":900,"height":900,"caption":"Laco Kamenick\u00fd"},"image":{"@id":"https:\/\/kamenicky.art\/#\/schema\/logo\/image\/"}}]}},"_links":{"self":[{"href":"https:\/\/kamenicky.art\/en\/wp-json\/wp\/v2\/product\/1751","targetHints":{"allow":["GET"]}}],"collection":[{"href":"https:\/\/kamenicky.art\/en\/wp-json\/wp\/v2\/product"}],"about":[{"href":"https:\/\/kamenicky.art\/en\/wp-json\/wp\/v2\/types\/product"}],"wp:featuredmedia":[{"embeddable":true,"href":"https:\/\/kamenicky.art\/en\/wp-json\/wp\/v2\/media\/1780"}],"wp:attachment":[{"href":"https:\/\/kamenicky.art\/en\/wp-json\/wp\/v2\/media?parent=1751"}],"wp:term":[{"taxonomy":"artwork-dimension","embeddable":true,"href":"https:\/\/kamenicky.art\/en\/wp-json\/wp\/v2\/artwork-dimension?post=1751"},{"taxonomy":"artwork-style","embeddable":true,"href":"https:\/\/kamenicky.art\/en\/wp-json\/wp\/v2\/artwork-style?post=1751"},{"taxonomy":"artwork-type","embeddable":true,"href":"https:\/\/kamenicky.art\/en\/wp-json\/wp\/v2\/artwork-type?post=1751"},{"taxonomy":"artwork-year","embeddable":true,"href":"https:\/\/kamenicky.art\/en\/wp-json\/wp\/v2\/artwork-year?post=1751"},{"taxonomy":"product_brand","embeddable":true,"href":"https:\/\/kamenicky.art\/en\/wp-json\/wp\/v2\/product_brand?post=1751"},{"taxonomy":"product_cat","embeddable":true,"href":"https:\/\/kamenicky.art\/en\/wp-json\/wp\/v2\/product_cat?post=1751"},{"taxonomy":"product_tag","embeddable":true,"href":"https:\/\/kamenicky.art\/en\/wp-json\/wp\/v2\/product_tag?post=1751"}],"curies":[{"name":"wp","href":"https:\/\/api.w.org\/{rel}","templated":true}]}}