{"id":1208,"date":"2025-02-10T16:33:55","date_gmt":"2025-02-10T15:33:55","guid":{"rendered":"https:\/\/kamenicky.art\/?post_type=product&#038;p=1208"},"modified":"2026-01-08T20:01:21","modified_gmt":"2026-01-08T19:01:21","slug":"zapad-slnka","status":"publish","type":"product","link":"https:\/\/kamenicky.art\/ar\/product\/zapad-slnka\/","title":{"rendered":"\u063a\u0631\u0648\u0628 \u0627\u0644\u0634\u0645\u0633 (\"SUNSET\")"},"content":{"rendered":"<p>\u0641\u064a \u0644\u0648\u062d\u0629 \"Sunset\"\u060c \u064a\u0644\u062a\u0642\u0637 \u0643\u0627\u0645\u064a\u0646\u064a\u062a\u0633\u0643\u064a \u0627\u0644\u0644\u062d\u0638\u0629 \u0627\u0644\u0639\u0627\u0628\u0631\u0629 \u0627\u0644\u062a\u064a \u062a\u062e\u062a\u0641\u064a \u0641\u064a\u0647\u0627 \u0627\u0644\u0634\u0645\u0633 \u062e\u0644\u0641 \u0627\u0644\u0623\u0641\u0642. \u064a\u0633\u062a\u062e\u062f\u0645 \u0627\u0644\u0641\u0646\u0627\u0646 \u0623\u0644\u0648\u0627\u0646\u064b\u0627 \u062a\u0639\u0628\u064a\u0631\u064a\u0629 \u062a\u0645\u062a\u0632\u062c \u0641\u064a \u062d\u0642\u0648\u0644 \u062f\u064a\u0646\u0627\u0645\u064a\u0643\u064a\u0629\u060c \u062a\u0633\u062a\u062d\u0636\u0631 \u0627\u0644\u0625\u062d\u0633\u0627\u0633 \u0628\u0627\u0644\u0634\u062f\u0629 \u0648\u0627\u0644\u062d\u0631\u0643\u0629. \u062a\u0633\u0648\u062f \u0627\u0644\u0646\u063a\u0645\u0627\u062a \u0627\u0644\u062f\u0627\u0641\u0626\u0629 \u2014 \u0627\u0644\u0628\u0631\u062a\u0642\u0627\u0644\u064a \u0627\u0644\u0639\u0645\u064a\u0642\u060c \u0648\u0627\u0644\u0623\u062d\u0645\u0631\u060c \u0648\u0627\u0644\u0623\u0635\u0641\u0631 \u0627\u0644\u0645\u062a\u0623\u0644\u0651\u0642 \u2014 \u0641\u064a \u062a\u0628\u0627\u064a\u0646 \u0645\u0639 \u062f\u0631\u062c\u0627\u062a \u0627\u0644\u0623\u0632\u0631\u0642 \u0648\u0627\u0644\u0631\u0645\u0627\u062f\u064a \u0627\u0644\u0628\u0627\u0631\u062f\u0629 \u0627\u0644\u062a\u064a \u062a\u0624\u0637\u0631 \u0627\u0646\u0641\u062c\u0627\u0631 \u0627\u0644\u0636\u0648\u0621 \u0648\u062a\u0624\u0643\u062f \u0627\u0644\u0639\u0628\u0648\u0631 \u0628\u064a\u0646 \u0627\u0644\u0646\u0647\u0627\u0631 \u0648\u0627\u0644\u0644\u064a\u0644.\n\u0644\u0627 \u064a\u0641\u0633\u0651\u0631 \u0627\u0644\u0641\u0646\u0627\u0646 \u0627\u0644\u063a\u0631\u0648\u0628 \u062a\u0641\u0633\u064a\u0631\u064b\u0627 \u062d\u0631\u0641\u064a\u064b\u0627\u061b \u0628\u0644 \u0647\u0648 \u062a\u0635\u0631\u064a\u062d \u0639\u0627\u0637\u0641\u064a \u0623\u0643\u062b\u0631 \u0645\u0646 \u0643\u0648\u0646\u0647 \u062a\u0635\u0648\u064a\u0631\u064b\u0627 \u0648\u0627\u0642\u0639\u064a\u064b\u0627. \u0627\u0644\u0623\u0644\u0648\u0627\u0646 \u062a\u0635\u0631\u062e \u0648\u062a\u0647\u062f\u0623 \u0641\u064a \u0622\u0646 \u0648\u0627\u062d\u062f\u060c \u0645\u062b\u064a\u0631\u0629\u064b \u062d\u0646\u064a\u0646\u064b\u0627 \u0644\u062a\u0644\u0643 \u0627\u0644\u0644\u062d\u0638\u0629 \u0627\u0644\u0647\u0627\u062f\u0626\u0629 \u0639\u0646\u062f\u0645\u0627 \u064a\u0646\u062a\u0647\u064a \u0627\u0644\u0646\u0647\u0627\u0631 \u0644\u0643\u0646 \u0627\u0644\u0636\u0648\u0621 \u0644\u0627 \u064a\u0632\u0627\u0644 \u0639\u0627\u0644\u0642\u064b\u0627 \u0641\u064a \u0627\u0644\u0623\u0641\u0642.<\/p>","protected":false},"excerpt":{"rendered":"<p>Dielo Z\u00c1PAD SLNKA zachyt\u00e1va magick\u00fa chv\u00ed\u013eu, ke\u010f slnko mizne za horizontom. Autor vyu\u017e\u00edva expres\u00edvne farby, ktor\u00e9 sa prel\u00ednaj\u00fa v dynamick\u00fdch ploch\u00e1ch a vytv\u00e1raj\u00fa pocit intenzity a pohybu. V kompoz\u00edcii dominuj\u00fa tepl\u00e9 t\u00f3ny: s\u00fdta oran\u017eov\u00e1, \u010derven\u00e1 a \u017eiariv\u00e1 \u017elt\u00e1, ktor\u00e9 kontrastuj\u00fa so studen\u0161\u00edmi modr\u00fdmi alebo zachm\u00faren\u00fdmi siv\u00fdmi prvkami \u2014 tieto tmav\u0161ie akcenty akoby r\u00e1movali v\u00fdbuch svetla, [&hellip;]<\/p>","protected":false},"featured_media":968,"template":"","meta":{"_acf_changed":false,"_editorskit_title_hidden":false,"_editorskit_reading_time":0,"_editorskit_is_block_options_detached":false,"_editorskit_block_options_position":"{}","_monsterinsights_skip_tracking":false,"_monsterinsights_sitenote_active":false,"_monsterinsights_sitenote_note":"","_monsterinsights_sitenote_category":0},"artwork-dimension":[42],"artwork-style":[8],"artwork-type":[11],"artwork-year":[349],"product_brand":[],"product_cat":[337],"product_tag":[],"class_list":{"0":"post-1208","1":"product","2":"type-product","3":"status-publish","4":"has-post-thumbnail","6":"artwork-dimension-160-x-200-cm","7":"artwork-style-acryl-on-canvas","8":"artwork-type-abstract","9":"artwork-year-349","10":"product_cat-nezaradene","12":"first","13":"instock","14":"shipping-taxable","15":"product-type-simple"},"acf":[],"yoast_head":"<!-- This site is optimized with the Yoast SEO plugin v27.0 - https:\/\/yoast.com\/product\/yoast-seo-wordpress\/ -->\n<title>Z\u00c1PAD SLNKA - Laco Kamenick\u00fd<\/title>\n<meta name=\"robots\" content=\"index, follow, max-snippet:-1, max-image-preview:large, max-video-preview:-1\" \/>\n<link rel=\"canonical\" href=\"https:\/\/kamenicky.art\/ar\/product\/zapad-slnka\/\" \/>\n<meta property=\"og:locale\" content=\"ar_AR\" \/>\n<meta property=\"og:type\" content=\"article\" \/>\n<meta property=\"og:title\" content=\"Z\u00c1PAD SLNKA - Laco Kamenick\u00fd\" \/>\n<meta property=\"og:description\" content=\"Dielo Z\u00c1PAD SLNKA zachyt\u00e1va magick\u00fa chv\u00ed\u013eu, ke\u010f slnko mizne za horizontom. Autor vyu\u017e\u00edva expres\u00edvne farby, ktor\u00e9 sa prel\u00ednaj\u00fa v dynamick\u00fdch ploch\u00e1ch a vytv\u00e1raj\u00fa pocit intenzity a pohybu. V kompoz\u00edcii dominuj\u00fa tepl\u00e9 t\u00f3ny: s\u00fdta oran\u017eov\u00e1, \u010derven\u00e1 a \u017eiariv\u00e1 \u017elt\u00e1, ktor\u00e9 kontrastuj\u00fa so studen\u0161\u00edmi modr\u00fdmi alebo zachm\u00faren\u00fdmi siv\u00fdmi prvkami \u2014 tieto tmav\u0161ie akcenty akoby r\u00e1movali v\u00fdbuch svetla, [&hellip;]\" \/>\n<meta property=\"og:url\" content=\"https:\/\/kamenicky.art\/ar\/product\/zapad-slnka\/\" \/>\n<meta property=\"og:site_name\" content=\"Laco Kamenick\u00fd\" \/>\n<meta property=\"article:modified_time\" content=\"2026-01-08T19:01:21+00:00\" \/>\n<meta property=\"og:image\" content=\"https:\/\/kamenicky.art\/wp-content\/uploads\/2025\/08\/Nr-214-SUNSET.jpg\" \/>\n\t<meta property=\"og:image:width\" content=\"2048\" \/>\n\t<meta property=\"og:image:height\" content=\"1644\" \/>\n\t<meta property=\"og:image:type\" content=\"image\/jpeg\" \/>\n<meta name=\"twitter:card\" content=\"summary_large_image\" \/>\n<meta name=\"twitter:label1\" content=\"\u0648\u0642\u062a \u0627\u0644\u0642\u0631\u0627\u0621\u0629 \u0627\u0644\u0645\u064f\u0642\u062f\u0651\u0631\" \/>\n\t<meta name=\"twitter:data1\" content=\"\u062f\u0642\u064a\u0642\u0629 \u0648\u0627\u062d\u062f\u0629\" \/>\n<script type=\"application\/ld+json\" class=\"yoast-schema-graph\">{\"@context\":\"https:\/\/schema.org\",\"@graph\":[{\"@type\":\"WebPage\",\"@id\":\"https:\/\/kamenicky.art\/produkt\/zapad-slnka\/\",\"url\":\"https:\/\/kamenicky.art\/produkt\/zapad-slnka\/\",\"name\":\"Z\u00c1PAD SLNKA - Laco Kamenick\u00fd\",\"isPartOf\":{\"@id\":\"https:\/\/kamenicky.art\/#website\"},\"primaryImageOfPage\":{\"@id\":\"https:\/\/kamenicky.art\/produkt\/zapad-slnka\/#primaryimage\"},\"image\":{\"@id\":\"https:\/\/kamenicky.art\/produkt\/zapad-slnka\/#primaryimage\"},\"thumbnailUrl\":\"https:\/\/kamenicky.art\/wp-content\/uploads\/2025\/08\/Nr-214-SUNSET.jpg\",\"datePublished\":\"2025-02-10T15:33:55+00:00\",\"dateModified\":\"2026-01-08T19:01:21+00:00\",\"breadcrumb\":{\"@id\":\"https:\/\/kamenicky.art\/produkt\/zapad-slnka\/#breadcrumb\"},\"inLanguage\":\"ar\",\"potentialAction\":[{\"@type\":\"ReadAction\",\"target\":[\"https:\/\/kamenicky.art\/produkt\/zapad-slnka\/\"]}]},{\"@type\":\"ImageObject\",\"inLanguage\":\"ar\",\"@id\":\"https:\/\/kamenicky.art\/produkt\/zapad-slnka\/#primaryimage\",\"url\":\"https:\/\/kamenicky.art\/wp-content\/uploads\/2025\/08\/Nr-214-SUNSET.jpg\",\"contentUrl\":\"https:\/\/kamenicky.art\/wp-content\/uploads\/2025\/08\/Nr-214-SUNSET.jpg\",\"width\":2048,\"height\":1644},{\"@type\":\"BreadcrumbList\",\"@id\":\"https:\/\/kamenicky.art\/produkt\/zapad-slnka\/#breadcrumb\",\"itemListElement\":[{\"@type\":\"ListItem\",\"position\":1,\"name\":\"Home\",\"item\":\"https:\/\/kamenicky.art\/\"},{\"@type\":\"ListItem\",\"position\":2,\"name\":\"Obchod\",\"item\":\"https:\/\/kamenicky.art\/?page_id=567\"},{\"@type\":\"ListItem\",\"position\":3,\"name\":\"Z\u00c1PAD SLNKA\"}]},{\"@type\":\"WebSite\",\"@id\":\"https:\/\/kamenicky.art\/#website\",\"url\":\"https:\/\/kamenicky.art\/\",\"name\":\"Laco Kamenick\u00fd\",\"description\":\"\",\"publisher\":{\"@id\":\"https:\/\/kamenicky.art\/#organization\"},\"potentialAction\":[{\"@type\":\"SearchAction\",\"target\":{\"@type\":\"EntryPoint\",\"urlTemplate\":\"https:\/\/kamenicky.art\/?s={search_term_string}\"},\"query-input\":{\"@type\":\"PropertyValueSpecification\",\"valueRequired\":true,\"valueName\":\"search_term_string\"}}],\"inLanguage\":\"ar\"},{\"@type\":\"Organization\",\"@id\":\"https:\/\/kamenicky.art\/#organization\",\"name\":\"Laco Kamenick\u00fd\",\"url\":\"https:\/\/kamenicky.art\/\",\"logo\":{\"@type\":\"ImageObject\",\"inLanguage\":\"ar\",\"@id\":\"https:\/\/kamenicky.art\/#\/schema\/logo\/image\/\",\"url\":\"https:\/\/kamenicky.art\/wp-content\/uploads\/2025\/07\/logo_lk.jpg\",\"contentUrl\":\"https:\/\/kamenicky.art\/wp-content\/uploads\/2025\/07\/logo_lk.jpg\",\"width\":900,\"height\":900,\"caption\":\"Laco Kamenick\u00fd\"},\"image\":{\"@id\":\"https:\/\/kamenicky.art\/#\/schema\/logo\/image\/\"}}]}<\/script>\n<!-- \/ Yoast SEO plugin. -->","yoast_head_json":{"title":"Z\u00c1PAD SLNKA - Laco Kamenick\u00fd","robots":{"index":"index","follow":"follow","max-snippet":"max-snippet:-1","max-image-preview":"max-image-preview:large","max-video-preview":"max-video-preview:-1"},"canonical":"https:\/\/kamenicky.art\/ar\/product\/zapad-slnka\/","og_locale":"ar_AR","og_type":"article","og_title":"Z\u00c1PAD SLNKA - Laco Kamenick\u00fd","og_description":"Dielo Z\u00c1PAD SLNKA zachyt\u00e1va magick\u00fa chv\u00ed\u013eu, ke\u010f slnko mizne za horizontom. Autor vyu\u017e\u00edva expres\u00edvne farby, ktor\u00e9 sa prel\u00ednaj\u00fa v dynamick\u00fdch ploch\u00e1ch a vytv\u00e1raj\u00fa pocit intenzity a pohybu. V kompoz\u00edcii dominuj\u00fa tepl\u00e9 t\u00f3ny: s\u00fdta oran\u017eov\u00e1, \u010derven\u00e1 a \u017eiariv\u00e1 \u017elt\u00e1, ktor\u00e9 kontrastuj\u00fa so studen\u0161\u00edmi modr\u00fdmi alebo zachm\u00faren\u00fdmi siv\u00fdmi prvkami \u2014 tieto tmav\u0161ie akcenty akoby r\u00e1movali v\u00fdbuch svetla, [&hellip;]","og_url":"https:\/\/kamenicky.art\/ar\/product\/zapad-slnka\/","og_site_name":"Laco Kamenick\u00fd","article_modified_time":"2026-01-08T19:01:21+00:00","og_image":[{"width":2048,"height":1644,"url":"https:\/\/kamenicky.art\/wp-content\/uploads\/2025\/08\/Nr-214-SUNSET.jpg","type":"image\/jpeg"}],"twitter_card":"summary_large_image","twitter_misc":{"\u0648\u0642\u062a \u0627\u0644\u0642\u0631\u0627\u0621\u0629 \u0627\u0644\u0645\u064f\u0642\u062f\u0651\u0631":"\u062f\u0642\u064a\u0642\u0629 \u0648\u0627\u062d\u062f\u0629"},"schema":{"@context":"https:\/\/schema.org","@graph":[{"@type":"WebPage","@id":"https:\/\/kamenicky.art\/produkt\/zapad-slnka\/","url":"https:\/\/kamenicky.art\/produkt\/zapad-slnka\/","name":"Z\u00c1PAD SLNKA - Laco Kamenick\u00fd","isPartOf":{"@id":"https:\/\/kamenicky.art\/#website"},"primaryImageOfPage":{"@id":"https:\/\/kamenicky.art\/produkt\/zapad-slnka\/#primaryimage"},"image":{"@id":"https:\/\/kamenicky.art\/produkt\/zapad-slnka\/#primaryimage"},"thumbnailUrl":"https:\/\/kamenicky.art\/wp-content\/uploads\/2025\/08\/Nr-214-SUNSET.jpg","datePublished":"2025-02-10T15:33:55+00:00","dateModified":"2026-01-08T19:01:21+00:00","breadcrumb":{"@id":"https:\/\/kamenicky.art\/produkt\/zapad-slnka\/#breadcrumb"},"inLanguage":"ar","potentialAction":[{"@type":"ReadAction","target":["https:\/\/kamenicky.art\/produkt\/zapad-slnka\/"]}]},{"@type":"ImageObject","inLanguage":"ar","@id":"https:\/\/kamenicky.art\/produkt\/zapad-slnka\/#primaryimage","url":"https:\/\/kamenicky.art\/wp-content\/uploads\/2025\/08\/Nr-214-SUNSET.jpg","contentUrl":"https:\/\/kamenicky.art\/wp-content\/uploads\/2025\/08\/Nr-214-SUNSET.jpg","width":2048,"height":1644},{"@type":"BreadcrumbList","@id":"https:\/\/kamenicky.art\/produkt\/zapad-slnka\/#breadcrumb","itemListElement":[{"@type":"ListItem","position":1,"name":"Home","item":"https:\/\/kamenicky.art\/"},{"@type":"ListItem","position":2,"name":"Obchod","item":"https:\/\/kamenicky.art\/?page_id=567"},{"@type":"ListItem","position":3,"name":"Z\u00c1PAD SLNKA"}]},{"@type":"WebSite","@id":"https:\/\/kamenicky.art\/#website","url":"https:\/\/kamenicky.art\/","name":"Laco Kamenick\u00fd","description":"","publisher":{"@id":"https:\/\/kamenicky.art\/#organization"},"potentialAction":[{"@type":"SearchAction","target":{"@type":"EntryPoint","urlTemplate":"https:\/\/kamenicky.art\/?s={search_term_string}"},"query-input":{"@type":"PropertyValueSpecification","valueRequired":true,"valueName":"search_term_string"}}],"inLanguage":"ar"},{"@type":"Organization","@id":"https:\/\/kamenicky.art\/#organization","name":"Laco Kamenick\u00fd","url":"https:\/\/kamenicky.art\/","logo":{"@type":"ImageObject","inLanguage":"ar","@id":"https:\/\/kamenicky.art\/#\/schema\/logo\/image\/","url":"https:\/\/kamenicky.art\/wp-content\/uploads\/2025\/07\/logo_lk.jpg","contentUrl":"https:\/\/kamenicky.art\/wp-content\/uploads\/2025\/07\/logo_lk.jpg","width":900,"height":900,"caption":"Laco Kamenick\u00fd"},"image":{"@id":"https:\/\/kamenicky.art\/#\/schema\/logo\/image\/"}}]}},"_links":{"self":[{"href":"https:\/\/kamenicky.art\/ar\/wp-json\/wp\/v2\/product\/1208","targetHints":{"allow":["GET"]}}],"collection":[{"href":"https:\/\/kamenicky.art\/ar\/wp-json\/wp\/v2\/product"}],"about":[{"href":"https:\/\/kamenicky.art\/ar\/wp-json\/wp\/v2\/types\/product"}],"wp:featuredmedia":[{"embeddable":true,"href":"https:\/\/kamenicky.art\/ar\/wp-json\/wp\/v2\/media\/968"}],"wp:attachment":[{"href":"https:\/\/kamenicky.art\/ar\/wp-json\/wp\/v2\/media?parent=1208"}],"wp:term":[{"taxonomy":"artwork-dimension","embeddable":true,"href":"https:\/\/kamenicky.art\/ar\/wp-json\/wp\/v2\/artwork-dimension?post=1208"},{"taxonomy":"artwork-style","embeddable":true,"href":"https:\/\/kamenicky.art\/ar\/wp-json\/wp\/v2\/artwork-style?post=1208"},{"taxonomy":"artwork-type","embeddable":true,"href":"https:\/\/kamenicky.art\/ar\/wp-json\/wp\/v2\/artwork-type?post=1208"},{"taxonomy":"artwork-year","embeddable":true,"href":"https:\/\/kamenicky.art\/ar\/wp-json\/wp\/v2\/artwork-year?post=1208"},{"taxonomy":"product_brand","embeddable":true,"href":"https:\/\/kamenicky.art\/ar\/wp-json\/wp\/v2\/product_brand?post=1208"},{"taxonomy":"product_cat","embeddable":true,"href":"https:\/\/kamenicky.art\/ar\/wp-json\/wp\/v2\/product_cat?post=1208"},{"taxonomy":"product_tag","embeddable":true,"href":"https:\/\/kamenicky.art\/ar\/wp-json\/wp\/v2\/product_tag?post=1208"}],"curies":[{"name":"wp","href":"https:\/\/api.w.org\/{rel}","templated":true}]}}